{"id":767,"date":"2022-02-17T11:37:33","date_gmt":"2022-02-17T11:37:33","guid":{"rendered":"https:\/\/printwebdesign.de\/?page_id=767"},"modified":"2023-09-05T21:06:19","modified_gmt":"2023-09-05T21:06:19","slug":"welt-retten","status":"publish","type":"page","link":"https:\/\/printwebdesign.de\/?page_id=767","title":{"rendered":"Welt retten"},"content":{"rendered":"\t\t<div data-elementor-type=\"wp-page\" data-elementor-id=\"767\" class=\"elementor elementor-767\">\n\t\t\t\t\t\t\t\t\t<section class=\"elementor-section elementor-top-section elementor-element elementor-element-e671d19 elementor-section-boxed elementor-section-height-default elementor-section-height-default\" data-id=\"e671d19\" data-element_type=\"section\">\n\t\t\t\t\t\t<div class=\"elementor-container elementor-column-gap-default\">\n\t\t\t\t\t<div class=\"elementor-column elementor-col-100 elementor-top-column elementor-element elementor-element-30238b4\" data-id=\"30238b4\" data-element_type=\"column\">\n\t\t\t<div class=\"elementor-widget-wrap elementor-element-populated\">\n\t\t\t\t\t\t\t\t<section class=\"elementor-section elementor-inner-section elementor-element elementor-element-1e67422 elementor-section-boxed elementor-section-height-default elementor-section-height-default\" data-id=\"1e67422\" data-element_type=\"section\">\n\t\t\t\t\t\t<div class=\"elementor-container elementor-column-gap-default\">\n\t\t\t\t\t<div class=\"elementor-column elementor-col-100 elementor-inner-column elementor-element elementor-element-0cd9821\" data-id=\"0cd9821\" data-element_type=\"column\">\n\t\t\t<div class=\"elementor-widget-wrap elementor-element-populated\">\n\t\t\t\t\t\t\t\t<div class=\"elementor-element elementor-element-bcb0ef9 elementor-widget elementor-widget-text-editor\" data-id=\"bcb0ef9\" data-element_type=\"widget\" data-widget_type=\"text-editor.default\">\n\t\t\t\t<div class=\"elementor-widget-container\">\n\t\t\t\t\t\t\t<h1><strong>Die Welt retten: gerne \u2013 aber wo bitte sch\u00f6n anfangen?<span class=\"Apple-converted-space\">\u00a0<\/span><\/strong><\/h1><p><strong><em>\u00e4rie design<\/em><\/strong> hinterfragt seit langem den Nutzten von Handlungen und Dingen im grafik-designerischen Einsatz.\u00a0Dazu geh\u00f6rt auch der Sinn von Werbung und der Produktion von Wegwerf-Produkten, wie Flyern und Brosch\u00fcren.<span class=\"Apple-converted-space\">\u00a0<br \/><\/span>In der Zusammenarbeit mit meinen Kund*innen bin ich bestrebt, eine m\u00f6glichst \u00f6kologische Umsetzung der notwendigen Dinge zu erreichen, die ich f\u00fcr sie gestalten darf.<span class=\"Apple-converted-space\">\u00a0<\/span><\/p><p>Im Privaten entscheide ich eigenverantwortlich, was ich f\u00fcr richtig halte. Mein Ansatz: <br \/><strong>Bei sich selbst zu beginnen, sich und das eigene Handeln zu beobachten, zu analysieren und ggf. Dinge zuk\u00fcnftig anders umzusetzen.<\/strong> Das ist oft m\u00fchevoll in unserem zumeist hektischen Alltag. Aber es lohnt sich, Dinge wieder bewusster zu machen und sich mehr Zeit zu nehmen \u2013 das steckt auch andere an!<\/p><p>Ich biete f\u00fcr Schulen ein Projekt an, bei dem ich mit einer Gruppe Kinder\/Jugendlicher zuerst M\u00fcll sammele (z.B. rund um die Schule). Mit dem Gesammelten setzen wir eine k\u00fcnstlerische Arbeit um. Im Anschluss wird der M\u00fcll sortiert und fachgerecht entsorgt. Die jungen Menschen sollen sensibilisiert werden f\u00fcr das Thema Verpackung und Entsorgung, und angeregt werden zur Vermeidung oder der eigenen Wiederverwertung sogenannter Abfallstoffe. Thematisiert wird dabei nat\u00fcrlich auch das Thema der Umweltverschmutzung durch (Plastik-) M\u00fcll.<\/p>\t\t\t\t\t\t<\/div>\n\t\t\t\t<\/div>\n\t\t\t\t\t<\/div>\n\t\t<\/div>\n\t\t\t\t\t\t\t<\/div>\n\t\t<\/section>\n\t\t\t\t\t<\/div>\n\t\t<\/div>\n\t\t\t\t\t\t\t<\/div>\n\t\t<\/section>\n\t\t\t\t<section class=\"elementor-section elementor-top-section elementor-element elementor-element-b77924d elementor-section-boxed elementor-section-height-default elementor-section-height-default\" data-id=\"b77924d\" data-element_type=\"section\">\n\t\t\t\t\t\t<div class=\"elementor-container elementor-column-gap-default\">\n\t\t\t\t\t<div class=\"elementor-column elementor-col-100 elementor-top-column elementor-element elementor-element-6bf816f\" data-id=\"6bf816f\" data-element_type=\"column\">\n\t\t\t<div class=\"elementor-widget-wrap elementor-element-populated\">\n\t\t\t\t\t\t\t\t<section class=\"elementor-section elementor-inner-section elementor-element elementor-element-2ff95dd elementor-section-boxed elementor-section-height-default elementor-section-height-default\" data-id=\"2ff95dd\" data-element_type=\"section\">\n\t\t\t\t\t\t<div class=\"elementor-container elementor-column-gap-default\">\n\t\t\t\t\t<div class=\"elementor-column elementor-col-100 elementor-inner-column elementor-element elementor-element-48ee722\" data-id=\"48ee722\" data-element_type=\"column\">\n\t\t\t<div class=\"elementor-widget-wrap elementor-element-populated\">\n\t\t\t\t\t\t\t\t<div class=\"elementor-element elementor-element-a304560 elementor-widget elementor-widget-menu-anchor\" data-id=\"a304560\" data-element_type=\"widget\" data-widget_type=\"menu-anchor.default\">\n\t\t\t\t<div class=\"elementor-widget-container\">\n\t\t\t\t\t<div id=\"muell\" class=\"elementor-menu-anchor\"><\/div>\n\t\t\t\t<\/div>\n\t\t\t\t<\/div>\n\t\t\t\t<div class=\"elementor-element elementor-element-bf7f9d3 elementor-widget elementor-widget-text-editor\" data-id=\"bf7f9d3\" data-element_type=\"widget\" data-widget_type=\"text-editor.default\">\n\t\t\t\t<div class=\"elementor-widget-container\">\n\t\t\t\t\t\t\t<h4><strong>M\u00fcll<\/strong><\/h4>\n<p><strong>Abfall<\/strong><strong> vermeiden<\/strong><br>Viel Besitz macht oft unfrei, denn er braucht Platz und ben\u00f6tigt Zeit (Pflege, Ordnung, etc.). Wenn ich Dinge, die ich gar nicht wirklich ben\u00f6tige, erst gar nicht in mein Leben lasse, ist ein wichtiger Schritt getan.<\/p>\n<ul>\n<li>M\u00f6glichst verpackungsfrei einkaufen<\/li>\n<li>Pfandsysteme nutzen<\/li>\n<li>Auf Einmal-Produkte verzichten<\/li>\n<li>Werbepost unterbinden<\/li>\n<li>Werbeartikel\/&#8220;unn\u00f6tige Geschenke&#8220; ablehnen<\/li>\n<li>Leihen\/tauschen statt kaufen<\/li>\n<li>Reparierbare Ger\u00e4te kaufen<\/li>\n<li>Aktivit\u00e4ten\/selbstgemachte Gutscheine&nbsp;schenken<\/li>\n<li>Bibliotheken nutzen<\/li>\n<li>Einfacher Leben (Minimalismus)<\/li>\n<\/ul>\n<p><strong style=\"font-family: Roboto, sans-serif;\">Abfall weiter verwenden<br><\/strong><span style=\"font-family: Roboto, sans-serif; font-size: 16px; font-style: normal; font-variant-caps: normal;\">Vor allem Verpackungen haben eine kurze Nutzzeit (zum Transport, Schutz oder aus Werbezwecken). Da viele Konsumg\u00fcter immer g\u00fcnstiger werden, haben sie oft auch von vornherein einen geringeren individuellen Wert und werden leichtfertig wieder entsorgt. Wir leben mittlerweile in einer Konsumgesellschaft.<\/span><\/p>\n<ul>\n<li>Schraubgl\u00e4ser als Aufbewahrungsbeh\u00e4lter weiter nutzen<\/li>\n<li>Zeitungspapier zu M\u00fcllt\u00fcten u.a. falten<\/li>\n<li>Einmal-Tragetaschen weiter verwenden<\/li>\n<li>Ger\u00e4te reparieren (lassen); z.B. in einem Repair-Caf\u00e9<\/li>\n<li>Flohmarkt oder Verkaufs-Portale nutzen<\/li>\n<li><span style=\"font-family: Roboto, sans-serif; font-size: 16px; font-style: normal; font-variant-caps: normal;\"><span style=\"font-family: Roboto, sans-serif; font-size: 16px; font-style: normal; font-variant-caps: normal;\">Textilien, Hausrat, M\u00f6bel, etc. an lokale Hilfsorganisationen spenden<\/span><\/span>\n<p><\/p>\n<\/li>\n<\/ul>\n<p><span style=\"font-family: Roboto, sans-serif; font-size: 16px; font-style: normal; font-variant-caps: normal;\"><strong style=\"font-family: Roboto, sans-serif;\">Abfall richtig entsorgen<br><\/strong>M\u00fclltrennung hat sich etabliert, und es gibt Systeme mit geringen Unterschieden. Z.B. ist die Biotonne in unterschiedlichen Gemeinden nach unterschiedlichen&nbsp;Kriterien zu befallen.<br>Bei eigenem Garten lohnt sich ein Komposthaufen.<\/span><\/p>\n<ul>\n<li style=\"font-size: 16px;\"><span style=\"font-family: Roboto, sans-serif; font-size: 16px; font-style: normal; font-variant-caps: normal;\">Abfalltonnen f\u00fcr Papier-, Bio- und Restm\u00fcll nutzen<\/span><\/li>\n<li>Ggf. Komposthaufen anlegen<\/li>\n<li>Verpackungsm\u00fcll in Tonne oder gelbem Sack sammeln<\/li>\n<li>Altglas in Tonne oder Container entsorgen<\/li>\n<li style=\"font-size: 16px;\"><span style=\"font-family: Roboto, sans-serif; font-size: 16px; font-style: normal; font-variant-caps: normal;\">Alte Batterien in gro\u00dfem Schraubglas sammeln<\/span><\/li>\n<li>Sammelkiste f\u00fcr Elektroschrott\/Sonderm\u00fcll im Keller aufstellen<\/li>\n<li>Textilien in Containern entsorgen<\/li>\n<\/ul>\t\t\t\t\t\t<\/div>\n\t\t\t\t<\/div>\n\t\t\t\t\t<\/div>\n\t\t<\/div>\n\t\t\t\t\t\t\t<\/div>\n\t\t<\/section>\n\t\t\t\t<div class=\"elementor-element elementor-element-0051114 elementor-widget elementor-widget-spacer\" data-id=\"0051114\" data-element_type=\"widget\" data-widget_type=\"spacer.default\">\n\t\t\t\t<div class=\"elementor-widget-container\">\n\t\t\t\t\t<div class=\"elementor-spacer\">\n\t\t\t<div class=\"elementor-spacer-inner\"><\/div>\n\t\t<\/div>\n\t\t\t\t<\/div>\n\t\t\t\t<\/div>\n\t\t\t\t\t<\/div>\n\t\t<\/div>\n\t\t\t\t\t\t\t<\/div>\n\t\t<\/section>\n\t\t\t\t<section class=\"elementor-section elementor-top-section elementor-element elementor-element-f3400a1 elementor-section-boxed elementor-section-height-default elementor-section-height-default\" data-id=\"f3400a1\" data-element_type=\"section\">\n\t\t\t\t\t\t<div class=\"elementor-container elementor-column-gap-default\">\n\t\t\t\t\t<div class=\"elementor-column elementor-col-100 elementor-top-column elementor-element elementor-element-3cf4b27\" data-id=\"3cf4b27\" data-element_type=\"column\">\n\t\t\t<div class=\"elementor-widget-wrap elementor-element-populated\">\n\t\t\t\t\t\t\t\t<section class=\"elementor-section elementor-inner-section elementor-element elementor-element-40a5fc5 elementor-section-boxed elementor-section-height-default elementor-section-height-default\" data-id=\"40a5fc5\" data-element_type=\"section\">\n\t\t\t\t\t\t<div class=\"elementor-container elementor-column-gap-default\">\n\t\t\t\t\t<div class=\"elementor-column elementor-col-100 elementor-inner-column elementor-element elementor-element-4d294ad\" data-id=\"4d294ad\" data-element_type=\"column\">\n\t\t\t<div class=\"elementor-widget-wrap elementor-element-populated\">\n\t\t\t\t\t\t\t\t<div class=\"elementor-element elementor-element-55847d7 elementor-widget elementor-widget-menu-anchor\" data-id=\"55847d7\" data-element_type=\"widget\" data-widget_type=\"menu-anchor.default\">\n\t\t\t\t<div class=\"elementor-widget-container\">\n\t\t\t\t\t<div id=\"konsum\" class=\"elementor-menu-anchor\"><\/div>\n\t\t\t\t<\/div>\n\t\t\t\t<\/div>\n\t\t\t\t<div class=\"elementor-element elementor-element-7fe404c elementor-widget elementor-widget-text-editor\" data-id=\"7fe404c\" data-element_type=\"widget\" data-widget_type=\"text-editor.default\">\n\t\t\t\t<div class=\"elementor-widget-container\">\n\t\t\t\t\t\t\t<h4>Konsum<\/h4><p>Konsumkulturen entwickelten sich unabh\u00e4ngig voneinander: Ob ab dem 11. Jhd. in Italien, in China ab dem 16. Jhd. oder England ab dem 17. Jhd., so ging es in allen Kulturen dabei vor allem um Lebensweisen im\u00a0Luxus und die Selbstdarstellung. Wirtschaft und Politik etablierten dabei zunehmend die individuelle Nutzung von Dingen zum eigenen Ge- und Verbrauch. Das f\u00fchrt bis heute zu Wirtschaftswachstum und \u00dcberfluss. Und schon immer gehen damit auch Klassenunterschiede einher: Wer mehr Geld hat, kann mehr kaufen. Und: Wer mehr besitzt, ist selbst wertvoller?<br \/>Noch nicht so alt ist, dass sich auch diejenigen immer mehr kaufen k\u00f6nnen, die \u00fcber wenig Geld verf\u00fcgen. Das h\u00e4ngt nat\u00fcrlich damit zusammen, dass es viele Produkte immer g\u00fcnstiger produziert und angeboten werden, vieles aus Plastik, mit geringer Qualit\u00e4t und kurzlebig.\u00a0Auf nachhaltige Ressourcen kann bei der Produktion solcher Waren nat\u00fcrlich nicht zur\u00fcck gegriffen werden.<br \/>Aus unserer Konsumgesellschaft wird immer mehr auch eine Wegwerfgesellschaft. Das f\u00fchrt einerseits zur immer h\u00f6heren Ausbeutung von Ressourcen, und andererseits zu immer mehr (Plastik-) M\u00fcll.<\/p><p><strong>Werbung weckt Bed\u00fcrfnisse<br \/><\/strong>Kaufen wir, weil wir etwas brauchen, oder kaufen wir, weil wir es k\u00f6nnen? Oder: Kaufen wir, um etwas zu sein?<br \/><span style=\"font-size: 16px; color: var( --e-global-color-text );\">Konsum steht bei der eigenen Identit\u00e4tsfindung heute an vorderer Stelle. Das bewirkt die Industrie u.a. mit der manipulativen Kraft der Werbung:\u00a0<\/span><span style=\"font-size: 16px; color: var( --e-global-color-text );\">Mit Statussymbolen Anerkennung finden, Kaufen als Ersatzbefriedigung, Besitz zum sich abzuheben von anderen &#8230; viele Gr\u00fcnde sind k\u00fcnstlich und lenken uns von den eigentlichen Werten unseres Daseins ab.<\/span><\/p><p><strong>Wohlstand\u00a0<\/strong><strong>oder\u00a0<\/strong><strong>Ballast?<\/strong><strong><br \/><\/strong>Wer viel hat, braucht vor allem Zeit, sich um die eigenen Besitzt\u00fcmer zu k\u00fcmmern. L\u00e4ngst ahnt so manche*r, dass weniger vielleicht wirklich mehr ist. Denn wir brauchen f\u00fcr all die Dinge nicht nur Platz, sondern auch Zeit f\u00fcr Organisierung und Pflege unseres Besitzes mit zus\u00e4tzlichen Kosten, z.B. f\u00fcr Wartungen oder erweitertem Platzbedarf.<\/p><p><strong>Moderne Sklaverei<\/strong><br \/>Ganz nebenbei f\u00fchren g\u00fcnstige Produkte in den Herstellungsl\u00e4ndern zu menschenunw\u00fcrdigen Bedingungen. Die r\u00e4umliche und kulturelle Entfernung und zum Teil fehlende Transparenz der Produktionsst\u00e4tten und deren klimasch\u00e4digenden Verfahren erspart uns (noch) den moralischen Preis.<\/p><p><strong>Was brauche ich wirklich<\/strong><strong>?<\/strong><br \/>Wieviel ist genug?\u00a0Wenn wir uns vor dem Trend, der Habgier zur Tugend macht, sch\u00fctzen k\u00f6nnen, und uns etwas Zeit nehmen, k\u00f6nnen wir uns wieder bewusster werden, was ein Mensch wirklich braucht \u2013 zum \u00dcberleben, zum Leben, zum Zufriedensein, zum Sein!<br \/>Gr\u00fcndlich auszumisten kann ein wichtiger Schritt zu einem freieren Leben sein. Dazu passend ist eine Industrie an Ratgebenden entstanden: Sowohl mit B\u00fcchern, als auch in den digitalen Medien finden sich unz\u00e4hlige Anleitungen.<br \/>Ich empfehle als Einstieg den Netflix-Film &#8222;Minimalismus&#8220;.<\/p><p><strong>Do it yourself! <\/strong>ist seit l\u00e4ngerem im Trend: <br \/>Es wird wieder mehr Zeit investiert, um Dinge selbst herzustellen. Ob das die einfache Verrichtung des Kochens ist, die Herstellung von Kleidungsst\u00fccken oder das Bauen von M\u00f6beln: Im Internet findet sich zu allen Themen reichlich Lehrmaterial.\u00a0<br \/>Ein positiver Nebeneffekt (au\u00dfer der oft h\u00f6heren Nachhaltigkeit der Materialien und Herstellungsmethoden) ist die Sinnhaftigkeit und Muse, die bei der Erarbeitung entsteht. Das selbst Hergestellte hat zudem automatisch eine h\u00f6here Wertigkeit!<\/p>\t\t\t\t\t\t<\/div>\n\t\t\t\t<\/div>\n\t\t\t\t\t<\/div>\n\t\t<\/div>\n\t\t\t\t\t\t\t<\/div>\n\t\t<\/section>\n\t\t\t\t<div class=\"elementor-element elementor-element-7dc8106 elementor-widget elementor-widget-spacer\" data-id=\"7dc8106\" data-element_type=\"widget\" data-widget_type=\"spacer.default\">\n\t\t\t\t<div class=\"elementor-widget-container\">\n\t\t\t\t\t<div class=\"elementor-spacer\">\n\t\t\t<div class=\"elementor-spacer-inner\"><\/div>\n\t\t<\/div>\n\t\t\t\t<\/div>\n\t\t\t\t<\/div>\n\t\t\t\t\t<\/div>\n\t\t<\/div>\n\t\t\t\t\t\t\t<\/div>\n\t\t<\/section>\n\t\t\t\t<section class=\"elementor-section elementor-top-section elementor-element elementor-element-107d6bb elementor-section-boxed elementor-section-height-default elementor-section-height-default\" data-id=\"107d6bb\" data-element_type=\"section\">\n\t\t\t\t\t\t<div class=\"elementor-container elementor-column-gap-default\">\n\t\t\t\t\t<div class=\"elementor-column elementor-col-100 elementor-top-column elementor-element elementor-element-a53c95b\" data-id=\"a53c95b\" data-element_type=\"column\">\n\t\t\t<div class=\"elementor-widget-wrap elementor-element-populated\">\n\t\t\t\t\t\t\t\t<section class=\"elementor-section elementor-inner-section elementor-element elementor-element-f1a81ba elementor-section-boxed elementor-section-height-default elementor-section-height-default\" data-id=\"f1a81ba\" data-element_type=\"section\">\n\t\t\t\t\t\t<div class=\"elementor-container elementor-column-gap-default\">\n\t\t\t\t\t<div class=\"elementor-column elementor-col-100 elementor-inner-column elementor-element elementor-element-d2543f9\" data-id=\"d2543f9\" data-element_type=\"column\">\n\t\t\t<div class=\"elementor-widget-wrap elementor-element-populated\">\n\t\t\t\t\t\t\t\t<div class=\"elementor-element elementor-element-34e54f1 elementor-widget elementor-widget-menu-anchor\" data-id=\"34e54f1\" data-element_type=\"widget\" data-widget_type=\"menu-anchor.default\">\n\t\t\t\t<div class=\"elementor-widget-container\">\n\t\t\t\t\t<div id=\"kleidung\" class=\"elementor-menu-anchor\"><\/div>\n\t\t\t\t<\/div>\n\t\t\t\t<\/div>\n\t\t\t\t<div class=\"elementor-element elementor-element-bb94ce3 elementor-widget elementor-widget-text-editor\" data-id=\"bb94ce3\" data-element_type=\"widget\" data-widget_type=\"text-editor.default\">\n\t\t\t\t<div class=\"elementor-widget-container\">\n\t\t\t\t\t\t\t<h4>Kleidung<\/h4><ul><li><strong>Unmoderne oder alte Kleidungsst\u00fccke:<\/strong> Seit mehr als einem Jahrzehnt gibt es immer mehr Labels, die zu Niedrigstpreisen Kleidungsst\u00fccke auf den Markt bringen. Vor allem junge Menschen mit schlankem Geldbeutel sind somit in der Lage, sich eine umfangreiche Garderobe zuzulegen. Damit einher geht oft auch eine Affinit\u00e4t zu modischen Trends, die sehr schnell wechseln. Dass diese Labels, wie leider auch zumeist die teuren Marken, oft Herstellungsbedingungen bieten, die moralisch \u00e4u\u00dferst verwerflich sind, wird gro\u00dfteils ignoriert.\u00a0Kleidung, die nicht viel kostet, hat zumal automatisch einen geringen Wert. Auch f\u00fcr Kleidungsst\u00fccke, f\u00fcr die man aus anderen Gr\u00fcnden keine Verwendung mehr hat, gilt: Sie \u00a0nicht einfach im M\u00fclleimer landen. Alternative Weiterverwendung bieten:<br \/>&#8211; Flohmarktverkauf oder Online-Portale nutzen<br \/>&#8211; Tauschb\u00f6rsen im Freundeskreis initiieren (macht viel Spa\u00df)<br \/>&#8211; Altkleiderl\u00e4den f\u00fcr Bed\u00fcrftige<br \/>&#8211; Sammelstellen f\u00fcr Hilfsorganisationen<br \/>&#8211; Altkleidercontainer<br \/><br \/><\/li><li><strong>Kaputte Kleidungsst\u00fccke:<\/strong> Von meiner Gro\u00dfmutter habe ich gelernt, L\u00f6cher in Socken zu stopfen. Bei den gekauften Socken geht das zum Teil gar nicht mehr. Aber andere Kleidungsst\u00fccke lassen sich oft sehr gut ausbessern und individualisieren. Wer selbst Hand anlegen m\u00f6chten, aber nicht so versiert ist, findet in einem N\u00e4hcaf\u00e9 in der N\u00e4he Hilfe. Und sicherlich gibt es viele \u00c4nderungsschneidereien im direkten Umfeld.<br \/><br \/><\/li><li><strong>Zerschlissene Kleidungsst\u00fccke:<\/strong> Wenn Kleidung so alt oder so kaputt ist, eignet sie sich immer noch f\u00fcr die Herstellung von Lumpen, die im Haushalt vielfach Verwendung finden, z. B. f\u00fcr die Reinigung der Toilette oder \u00f6liger Werkzeuge, etc.<\/li><\/ul>\t\t\t\t\t\t<\/div>\n\t\t\t\t<\/div>\n\t\t\t\t\t<\/div>\n\t\t<\/div>\n\t\t\t\t\t\t\t<\/div>\n\t\t<\/section>\n\t\t\t\t\t<\/div>\n\t\t<\/div>\n\t\t\t\t\t\t\t<\/div>\n\t\t<\/section>\n\t\t\t\t\t\t\t<\/div>\n\t\t","protected":false},"excerpt":{"rendered":"<p>Die Welt retten: gerne \u2013 aber wo bitte sch\u00f6n anfangen?\u00a0 \u00e4rie design hinterfragt seit langem den Nutzten von Handlungen und Dingen im grafik-designerischen Einsatz.\u00a0Dazu geh\u00f6rt auch der Sinn von Werbung [&hellip;]<\/p>\n","protected":false},"author":1,"featured_media":0,"parent":0,"menu_order":0,"comment_status":"closed","ping_status":"closed","template":"","meta":[],"_links":{"self":[{"href":"https:\/\/printwebdesign.de\/index.php?rest_route=\/wp\/v2\/pages\/767"}],"collection":[{"href":"https:\/\/printwebdesign.de\/index.php?rest_route=\/wp\/v2\/pages"}],"about":[{"href":"https:\/\/printwebdesign.de\/index.php?rest_route=\/wp\/v2\/types\/page"}],"author":[{"embeddable":true,"href":"https:\/\/printwebdesign.de\/index.php?rest_route=\/wp\/v2\/users\/1"}],"replies":[{"embeddable":true,"href":"https:\/\/printwebdesign.de\/index.php?rest_route=%2Fwp%2Fv2%2Fcomments&post=767"}],"version-history":[{"count":223,"href":"https:\/\/printwebdesign.de\/index.php?rest_route=\/wp\/v2\/pages\/767\/revisions"}],"predecessor-version":[{"id":1114,"href":"https:\/\/printwebdesign.de\/index.php?rest_route=\/wp\/v2\/pages\/767\/revisions\/1114"}],"wp:attachment":[{"href":"https:\/\/printwebdesign.de\/index.php?rest_route=%2Fwp%2Fv2%2Fmedia&parent=767"}],"curies":[{"name":"wp","href":"https:\/\/api.w.org\/{rel}","templated":true}]}}